{"id":2004,"date":"2014-08-10T21:27:23","date_gmt":"2014-08-10T20:27:23","guid":{"rendered":"http:\/\/www.toldosaraque.com\/?page_id=2004"},"modified":"2023-05-01T15:11:38","modified_gmt":"2023-05-01T14:11:38","slug":"fabricantes-de-lonas","status":"publish","type":"page","link":"https:\/\/toldosaraque.com\/madrid\/fabricantes-de-lonas\/","title":{"rendered":"FABRICANTES DE TEJIDOS"},"content":{"rendered":"<p>[et_pb_section fb_built=\u00bb1&#8243; admin_label=\u00bbsection\u00bb _builder_version=\u00bb4.16&#8243; hover_enabled=\u00bb0&#8243; global_colors_info=\u00bb{}\u00bb sticky_enabled=\u00bb0&#8243;][et_pb_row admin_label=\u00bbrow\u00bb _builder_version=\u00bb4.16&#8243; background_size=\u00bbinitial\u00bb background_position=\u00bbtop_left\u00bb background_repeat=\u00bbrepeat\u00bb global_colors_info=\u00bb{}\u00bb][et_pb_column type=\u00bb4_4&#8243; _builder_version=\u00bb4.16&#8243; custom_padding=\u00bb|||\u00bb global_colors_info=\u00bb{}\u00bb custom_padding__hover=\u00bb|||\u00bb][et_pb_text admin_label=\u00bbTexto\u00bb _builder_version=\u00bb4.19.5&#8243; background_size=\u00bbinitial\u00bb background_position=\u00bbtop_left\u00bb background_repeat=\u00bbrepeat\u00bb custom_margin=\u00bb||0px|\u00bb hover_enabled=\u00bb0&#8243; use_border_color=\u00bboff\u00bb border_color=\u00bb#ffffff\u00bb border_style=\u00bbsolid\u00bb global_colors_info=\u00bb{}\u00bb header_font=\u00bb|700|||||||\u00bb sticky_enabled=\u00bb0&#8243;]<\/p><div id=\"ez-toc-container\" class=\"ez-toc-v2_0_81 ez-toc-wrap-center counter-hierarchy ez-toc-counter ez-toc-grey ez-toc-container-direction\">\n<p class=\"ez-toc-title\" style=\"cursor:inherit\">Resumen:<\/p>\n<label for=\"ez-toc-cssicon-toggle-item-69ef68a2b30b5\" class=\"ez-toc-cssicon-toggle-label\"><span class=\"ez-toc-cssicon\"><span class=\"eztoc-hide\" style=\"display:none;\">Toggle<\/span><span class=\"ez-toc-icon-toggle-span\"><svg style=\"fill: #999;color:#999\" xmlns=\"http:\/\/www.w3.org\/2000\/svg\" class=\"list-377408\" width=\"20px\" height=\"20px\" viewBox=\"0 0 24 24\" fill=\"none\"><path d=\"M6 6H4v2h2V6zm14 0H8v2h12V6zM4 11h2v2H4v-2zm16 0H8v2h12v-2zM4 16h2v2H4v-2zm16 0H8v2h12v-2z\" fill=\"currentColor\"><\/path><\/svg><svg style=\"fill: #999;color:#999\" class=\"arrow-unsorted-368013\" xmlns=\"http:\/\/www.w3.org\/2000\/svg\" width=\"10px\" height=\"10px\" viewBox=\"0 0 24 24\" version=\"1.2\" baseProfile=\"tiny\"><path d=\"M18.2 9.3l-6.2-6.3-6.2 6.3c-.2.2-.3.4-.3.7s.1.5.3.7c.2.2.4.3.7.3h11c.3 0 .5-.1.7-.3.2-.2.3-.5.3-.7s-.1-.5-.3-.7zM5.8 14.7l6.2 6.3 6.2-6.3c.2-.2.3-.5.3-.7s-.1-.5-.3-.7c-.2-.2-.4-.3-.7-.3h-11c-.3 0-.5.1-.7.3-.2.2-.3.5-.3.7s.1.5.3.7z\"\/><\/svg><\/span><\/span><\/label><input type=\"checkbox\"  id=\"ez-toc-cssicon-toggle-item-69ef68a2b30b5\" checked aria-label=\"Alternar\" \/><nav><ul class='ez-toc-list ez-toc-list-level-1 ' ><li class='ez-toc-page-1 ez-toc-heading-level-1'><a class=\"ez-toc-link ez-toc-heading-1\" href=\"https:\/\/toldosaraque.com\/madrid\/fabricantes-de-lonas\/#fabricantes-de-tejidos\" >FABRICANTES DE TEJIDOS<\/a><ul class='ez-toc-list-level-5' ><li class='ez-toc-heading-level-5'><ul class='ez-toc-list-level-5' ><li class='ez-toc-heading-level-5'><ul class='ez-toc-list-level-5' ><li class='ez-toc-heading-level-5'><ul class='ez-toc-list-level-5' ><li class='ez-toc-heading-level-5'><a class=\"ez-toc-link ez-toc-heading-2\" href=\"https:\/\/toldosaraque.com\/madrid\/fabricantes-de-lonas\/#sauleda\" >SAULEDA<\/a><\/li><li class='ez-toc-page-1 ez-toc-heading-level-5'><a class=\"ez-toc-link ez-toc-heading-3\" href=\"https:\/\/toldosaraque.com\/madrid\/fabricantes-de-lonas\/#dickson\" >DICKSON<\/a><\/li><li class='ez-toc-page-1 ez-toc-heading-level-5'><a class=\"ez-toc-link ez-toc-heading-4\" href=\"https:\/\/toldosaraque.com\/madrid\/fabricantes-de-lonas\/#citel\" >CITEL<\/a><\/li><li class='ez-toc-page-1 ez-toc-heading-level-5'><a class=\"ez-toc-link ez-toc-heading-5\" href=\"https:\/\/toldosaraque.com\/madrid\/fabricantes-de-lonas\/#recasens\" >RECASENS<\/a><\/li><li class='ez-toc-page-1 ez-toc-heading-level-5'><a class=\"ez-toc-link ez-toc-heading-6\" href=\"https:\/\/toldosaraque.com\/madrid\/fabricantes-de-lonas\/#serge-ferrari\" >SERGE FERRARI<\/a><\/li><\/ul><\/li><\/ul><\/li><\/ul><\/li><\/ul><\/li><\/ul><\/nav><\/div>\n\n<h1 style=\"color: #000000; text-align: center;\"><span class=\"ez-toc-section\" id=\"fabricantes-de-tejidos\"><\/span><span style=\"color: #444444;\">FABRIC<\/span><span style=\"color: #444444;\">ANTES<\/span><strong><span style=\"color: #444444;\"> DE TEJIDOS<\/span><\/strong><span class=\"ez-toc-section-end\"><\/span><\/h1>\n<p>[\/et_pb_text][et_pb_divider color=\u00bb#2c99fc\u00bb admin_label=\u00bbSeparador\u00bb _builder_version=\u00bb4.16&#8243; hide_on_mobile=\u00bboff\u00bb global_colors_info=\u00bb{}\u00bb] [\/et_pb_divider][\/et_pb_column][\/et_pb_row][et_pb_row column_structure=\u00bb1_2,1_2&#8243; padding_mobile=\u00bboff\u00bb make_equal=\u00bbon\u00bb column_padding_mobile=\u00bbon\u00bb admin_label=\u00bbrow\u00bb _builder_version=\u00bb4.16&#8243; background_size=\u00bbinitial\u00bb background_position=\u00bbtop_left\u00bb background_repeat=\u00bbrepeat\u00bb make_fullwidth=\u00bboff\u00bb use_custom_width=\u00bboff\u00bb width_unit=\u00bbon\u00bb global_colors_info=\u00bb{}\u00bb][et_pb_column type=\u00bb1_2&#8243; _builder_version=\u00bb4.16&#8243; custom_padding=\u00bb|||\u00bb global_colors_info=\u00bb{}\u00bb custom_padding__hover=\u00bb|||\u00bb][et_pb_image src=\u00bbhttps:\/\/toldosaraque.com\/madrid\/wp-content\/uploads\/2014\/08\/sauleda.jpg\u00bb align=\u00bbcenter\u00bb align_tablet=\u00bbcenter\u00bb align_phone=\u00bb\u00bb align_last_edited=\u00bbon|desktop\u00bb admin_label=\u00bbImagen\u00bb _builder_version=\u00bb4.16&#8243; use_border_color=\u00bboff\u00bb border_color=\u00bb#ffffff\u00bb border_style=\u00bbsolid\u00bb animation=\u00bboff\u00bb sticky=\u00bboff\u00bb always_center_on_mobile=\u00bbon\u00bb global_colors_info=\u00bb{}\u00bb] [\/et_pb_image][et_pb_text admin_label=\u00bbTexto\u00bb _builder_version=\u00bb4.16&#8243; background_size=\u00bbinitial\u00bb background_position=\u00bbtop_left\u00bb background_repeat=\u00bbrepeat\u00bb use_border_color=\u00bboff\u00bb border_color=\u00bb#ffffff\u00bb border_style=\u00bbsolid\u00bb global_colors_info=\u00bb{}\u00bb]<\/p>\n<h5 style=\"color: #000000; text-align: left;\"><span class=\"ez-toc-section\" id=\"sauleda\"><\/span><strong style=\"font-weight: bold; color: #000000;\">SAULEDA<\/strong><span class=\"ez-toc-section-end\"><\/span><\/h5>\n<p style=\"text-align: justify;\">Desde su fundaci\u00f3n, en 1897, Sauleda ha mantenido un mismo reto: fabricar lonas para toldo de gran calidad y dise\u00f1o.<\/p>\n<p style=\"text-align: justify;\">En base a ello, las inversiones se han enfocado estrat\u00e9gicamente para controlar los factores clave del proceso de producci\u00f3n como garantizar el suministro de materias primas de gran calidad, invertir cont\u00ednuomente en las plantas de producci\u00f3n, ser autosuficientes en la producci\u00f3n de tejidos t\u00e9cnicos, abrir nuevos mercados y poseer un centro log\u00edstico propio, que asegura y garantiza la distribuci\u00f3n de todos nuestros productos a cualquier lugar del mundo.<\/p>\n<p style=\"text-align: justify;\"><a href=\"https:\/\/www.sauleda.com\/es\/\" target=\"_blank\" rel=\"noopener noreferrer nofollow\">https:\/\/www.sauleda.com\/es\/<\/a><\/p>\n<p>[\/et_pb_text][\/et_pb_column][et_pb_column type=\u00bb1_2&#8243; _builder_version=\u00bb4.16&#8243; custom_padding=\u00bb|||\u00bb global_colors_info=\u00bb{}\u00bb custom_padding__hover=\u00bb|||\u00bb][et_pb_image src=\u00bbhttps:\/\/toldosaraque.com\/madrid\/wp-content\/uploads\/2014\/08\/dickson.jpg\u00bb align=\u00bbcenter\u00bb align_tablet=\u00bbcenter\u00bb align_phone=\u00bb\u00bb align_last_edited=\u00bbon|desktop\u00bb admin_label=\u00bbImagen\u00bb _builder_version=\u00bb4.16&#8243; use_border_color=\u00bboff\u00bb border_color=\u00bb#ffffff\u00bb border_style=\u00bbsolid\u00bb animation=\u00bboff\u00bb sticky=\u00bboff\u00bb always_center_on_mobile=\u00bbon\u00bb global_colors_info=\u00bb{}\u00bb] [\/et_pb_image][et_pb_text admin_label=\u00bbTexto\u00bb _builder_version=\u00bb4.16&#8243; background_size=\u00bbinitial\u00bb background_position=\u00bbtop_left\u00bb background_repeat=\u00bbrepeat\u00bb use_border_color=\u00bboff\u00bb border_color=\u00bb#ffffff\u00bb border_style=\u00bbsolid\u00bb global_colors_info=\u00bb{}\u00bb]<\/p>\n<h5 style=\"color: #000000;\"><span class=\"ez-toc-section\" id=\"dickson\"><\/span><strong style=\"font-weight: bold; color: #000000;\">DICKSON<\/strong><span class=\"ez-toc-section-end\"><\/span><\/h5>\n<p style=\"text-align: justify;\">Reconocido en todo el mundo como la referencia en materia de tejidos outdoor, Dickson se posiciona como el m\u00e1ximo exponente del tejido t\u00e9cnico. Las grandes firmas del dise\u00f1o, de la arquitectura y de la n\u00e1utica solicitan sus productos, comercializados bajo las dos marcas l\u00edderes DICKSON\u00ae y SUNBRELLA\u00ae. Motor de crecimiento del grupo, la innovaci\u00f3n permite a Dickson diversificar su oferta proponiendo un amplio abanico de tejidos t\u00e9cnicos, pensados como soluci\u00f3n para mejorar la vivienda. Su actividad responde habitualmente a cuatro mercados: la protecci\u00f3n solar, la decoraci\u00f3n exterior e interior y el equipamiento de barcos. Fusi\u00f3n de tecnicidad y originalidad, el estilo Dickson se extiende a fecha de hoy en m\u00e1s de 110 pa\u00edses, en los 5 continentes.<\/p>\n<p style=\"text-align: justify;\"><a href=\"https:\/\/www.dickson-constant.com\/es\/ES\/\" target=\"_blank\" rel=\"noopener noreferrer nofollow\">https:\/\/www.dickson-constant.com\/es\/ES\/<\/a><\/p>\n<p>[\/et_pb_text][\/et_pb_column][\/et_pb_row][et_pb_row column_structure=\u00bb1_2,1_2&#8243; _builder_version=\u00bb4.16&#8243; global_colors_info=\u00bb{}\u00bb][et_pb_column type=\u00bb1_2&#8243; _builder_version=\u00bb4.16&#8243; global_colors_info=\u00bb{}\u00bb][et_pb_image src=\u00bbhttps:\/\/toldosaraque.com\/madrid\/wp-content\/uploads\/2014\/08\/citel.jpg\u00bb align=\u00bbcenter\u00bb align_tablet=\u00bbcenter\u00bb align_phone=\u00bb\u00bb align_last_edited=\u00bbon|desktop\u00bb admin_label=\u00bbImagen\u00bb _builder_version=\u00bb4.16&#8243; use_border_color=\u00bboff\u00bb border_color=\u00bb#ffffff\u00bb border_style=\u00bbsolid\u00bb animation=\u00bboff\u00bb sticky=\u00bboff\u00bb always_center_on_mobile=\u00bbon\u00bb global_colors_info=\u00bb{}\u00bb] [\/et_pb_image][et_pb_text admin_label=\u00bbTexto\u00bb _builder_version=\u00bb4.16&#8243; background_size=\u00bbinitial\u00bb background_position=\u00bbtop_left\u00bb background_repeat=\u00bbrepeat\u00bb use_border_color=\u00bboff\u00bb border_color=\u00bb#ffffff\u00bb border_style=\u00bbsolid\u00bb global_colors_info=\u00bb{}\u00bb]<\/p>\n<h5><span class=\"ez-toc-section\" id=\"citel\"><\/span><strong style=\"font-weight: bold; color: #000000;\">CITEL<\/strong><span class=\"ez-toc-section-end\"><\/span><\/h5>\n<p style=\"text-align: justify;\">Es una empresa familiar con una larga tradici\u00f3n textil que se inici\u00f3 en 1875. Ya en su sexta generaci\u00f3n, la familia sigue apostando por la calidad y la innovaci\u00f3n para seguir siendo l\u00edderes del mercado.<\/p>\n<p style=\"text-align: justify;\"><a href=\"https:\/\/www.citel.es\/\" target=\"_blank\" rel=\"noopener noreferrer nofollow\">https:\/\/www.citel.es\/<\/a><\/p>\n<p>[\/et_pb_text][\/et_pb_column][et_pb_column type=\u00bb1_2&#8243; _builder_version=\u00bb4.16&#8243; global_colors_info=\u00bb{}\u00bb][et_pb_image src=\u00bbhttps:\/\/toldosaraque.com\/madrid\/wp-content\/uploads\/2014\/08\/recasens.jpg\u00bb align=\u00bbcenter\u00bb align_tablet=\u00bbcenter\u00bb align_phone=\u00bb\u00bb align_last_edited=\u00bbon|desktop\u00bb admin_label=\u00bbImagen\u00bb _builder_version=\u00bb4.16&#8243; use_border_color=\u00bboff\u00bb border_color=\u00bb#ffffff\u00bb border_style=\u00bbsolid\u00bb animation=\u00bboff\u00bb sticky=\u00bboff\u00bb always_center_on_mobile=\u00bbon\u00bb global_colors_info=\u00bb{}\u00bb] [\/et_pb_image][et_pb_text admin_label=\u00bbTexto\u00bb _builder_version=\u00bb4.16&#8243; background_size=\u00bbinitial\u00bb background_position=\u00bbtop_left\u00bb background_repeat=\u00bbrepeat\u00bb use_border_color=\u00bboff\u00bb border_color=\u00bb#ffffff\u00bb border_style=\u00bbsolid\u00bb global_colors_info=\u00bb{}\u00bb]<\/p>\n<h5><span class=\"ez-toc-section\" id=\"recasens\"><\/span><strong style=\"font-weight: bold; color: #000000;\">RECASENS<\/strong><span class=\"ez-toc-section-end\"><\/span><\/h5>\n<p style=\"text-align: justify;\">Es una empresa familiar fundada en 1886 en Barcelona, reconocida como l\u00edder por su capacidad de innovaci\u00f3n, desarrollo, fabricaci\u00f3n y comercializaci\u00f3n de tejidos t\u00e9cnicos de altas prestaciones para la protecci\u00f3n solar, arquitectura textil, transporte y n\u00e1utica.<\/p>\n<p style=\"text-align: justify;\"><a href=\"http:\/\/recasens.com\/\" target=\"_blank\" rel=\"noopener noreferrer nofollow\">http:\/\/recasens.com\/<\/a><\/p>\n<p>[\/et_pb_text][\/et_pb_column][\/et_pb_row][et_pb_row column_structure=\u00bb1_2,1_2&#8243; _builder_version=\u00bb4.16&#8243; global_colors_info=\u00bb{}\u00bb][et_pb_column type=\u00bb1_2&#8243; _builder_version=\u00bb4.16&#8243; global_colors_info=\u00bb{}\u00bb][et_pb_image src=\u00bbhttps:\/\/toldosaraque.com\/madrid\/wp-content\/uploads\/2014\/08\/SergeFerrari2.jpg\u00bb align=\u00bbcenter\u00bb align_tablet=\u00bbcenter\u00bb align_phone=\u00bb\u00bb align_last_edited=\u00bbon|desktop\u00bb admin_label=\u00bbImagen\u00bb _builder_version=\u00bb4.16&#8243; use_border_color=\u00bboff\u00bb border_color=\u00bb#ffffff\u00bb border_style=\u00bbsolid\u00bb animation=\u00bboff\u00bb sticky=\u00bboff\u00bb always_center_on_mobile=\u00bbon\u00bb global_colors_info=\u00bb{}\u00bb] [\/et_pb_image][et_pb_text admin_label=\u00bbTexto\u00bb _builder_version=\u00bb4.16&#8243; background_size=\u00bbinitial\u00bb background_position=\u00bbtop_left\u00bb background_repeat=\u00bbrepeat\u00bb use_border_color=\u00bboff\u00bb border_color=\u00bb#ffffff\u00bb border_style=\u00bbsolid\u00bb global_colors_info=\u00bb{}\u00bb]<\/p>\n<h5><span class=\"ez-toc-section\" id=\"serge-ferrari\"><\/span><strong style=\"font-weight: bold; color: #000000;\">SERGE FERRARI<\/strong><span class=\"ez-toc-section-end\"><\/span><\/h5>\n<p>Innovador por la regularidad de su tejido y su perforaci\u00f3n optimizada, une transparencia y dise\u00f1o.<\/p>\n<p>Fabricado seg\u00fan la tecnolog\u00eda exclusiva Pr\u00e9contraint de Serge Ferrari, Soltis 88 combina resistencia, ligereza, estabilidad dimensional y longevidad.<br \/>\nSoltis 88 es 100 % reciclable gracias al procedimiento de reciclaje Texyloop de Serge Ferrari.<\/p>\n<p><a href=\"https:\/\/es.sergeferrari.com\/proteccion-solar\/\" target=\"_blank\" rel=\"noopener noreferrer nofollow\">www.sergeferrari.com<\/a><br \/>\n[\/et_pb_text][\/et_pb_column][et_pb_column type=\u00bb1_2&#8243; _builder_version=\u00bb4.16&#8243; global_colors_info=\u00bb{}\u00bb][\/et_pb_column][\/et_pb_row][\/et_pb_section]<\/p>\n","protected":false},"excerpt":{"rendered":"<p>FABRICANTES DE TEJIDOS SAULEDA Desde su fundaci\u00f3n, en 1897, Sauleda ha mantenido un mismo reto: fabricar lonas para toldo de gran calidad y dise\u00f1o. En base a ello, las inversiones se han enfocado estrat\u00e9gicamente para controlar los factores clave del proceso de producci\u00f3n como garantizar el suministro de materias primas de gran calidad, invertir cont\u00ednuomente [&hellip;]<\/p>\n","protected":false},"author":3,"featured_media":0,"parent":0,"menu_order":0,"comment_status":"closed","ping_status":"closed","template":"","meta":{"_et_pb_use_builder":"on","_et_pb_old_content":"<h6 style=\"color: #000000; text-align: left;\"><span style=\"color: #444444;\">[hr]<\/span><\/h6>\r\n<h6 style=\"color: #000000; text-align: left;\"><\/h6>\r\n<h6 style=\"color: #000000; text-align: left;\"><strong style=\"font-weight: bold; color: #000000;\">SAULEDA<\/strong><\/h6>\r\n<a style=\"color: #743399;\" title=\"SAULEDA\" href=\"https:\/\/www.sauleda.com\/\"><img class=\"alignleft  wp-image-1945\" src=\"https:\/\/www.toldosaraque.com\/wp-content\/uploads\/2014\/01\/SAULEDA-150x150.jpg\" alt=\"SAULEDA\" width=\"82\" height=\"73\" \/><\/a>Fabrica espa\u00f1ola de tejidos t\u00e9cnicos que ofrecen soluciones para la protecci\u00f3n solar, fundada en 1897 sauleda ha mantenido un mismo reto, fabricar lonas para toldos de gran calidad y dise\u00f1o.                                                                                                                         <a style=\"color: #743399;\" title=\"sauleda\" href=\"https:\/\/www.sauleda.com\/\">www.sauleda.com<\/a>\r\n\r\n \r\n<h6 style=\"color: #000000;\"> <strong style=\"font-weight: bold; color: #000000;\">RECASENS<\/strong><\/h6>\r\n<span style=\"color: #000000;\"><a style=\"color: #743399;\" title=\"recasens\" href=\"https:\/\/www.recasens.com\/\"><img class=\"alignleft  wp-image-1966\" src=\"https:\/\/www.toldosaraque.com\/wp-content\/uploads\/2014\/01\/r-150x123.gif\" alt=\"r\" width=\"91\" height=\"73\" \/><\/a>Fabricante espa\u00f1ol de lonas para la protecci\u00f3n solar especializados en 4 l\u00edneas de negocio; lonas acr\u00edlicas, tejidos t\u00e9cnicos, tejidos n\u00e1uticos y screens, fundada en 1886.                                                                                                                                         <a style=\"color: #743399;\" title=\"recasens\" href=\"https:\/\/www.recasens.com\/\">www.recasens.com<\/a><\/span>\r\n\r\n \r\n<h6 style=\"color: #000000;\"> <strong style=\"font-weight: bold; color: #000000;\">DICKSON<\/strong><\/h6>\r\n<a style=\"color: #743399;\" title=\"dickson\" href=\"https:\/\/www.dickson-constant.com\/es\/ES\"><img class=\"alignleft  wp-image-1976\" src=\"https:\/\/www.toldosaraque.com\/wp-content\/uploads\/2014\/01\/R-150x125.jpg\" alt=\"R\" width=\"87\" height=\"77\" \/><\/a>Fabricante franc\u00e9s de tejidos t\u00e9cnicos para la protecci\u00f3n solar, creatividad, fantas\u00eda y modernidad se fusionan con las tecnolog\u00edas textiles punteras.                                        <a style=\"color: #743399;\" title=\"dickson\" href=\"https:\/\/www.dickson-constant.com\/es\/ES\">www.dickson-constant.com\/es\/ES<\/a>\r\n<h6 style=\"text-align: left;\"><\/h6>\r\n \r\n<h6 style=\"color: #000000;\"> <strong style=\"font-weight: bold; color: #000000;\">CITEL<\/strong><\/h6>\r\n<a style=\"color: #743399;\" title=\"CITEL\" href=\"https:\/\/www.citel.es\/\"><img class=\"alignleft  wp-image-1990\" src=\"https:\/\/www.toldosaraque.com\/wp-content\/uploads\/2014\/01\/r.png\" alt=\"r\" width=\"91\" height=\"71\" \/><\/a>Fabricante espa\u00f1ol especializado en la fabricaci\u00f3n de tejidos t\u00e9cnicos para la protecci\u00f3n solar, fundada en 1875.                                                                                                                    <a style=\"color: #743399;\" title=\"citel\" href=\"https:\/\/www.citel.es\/\">www.citel.es<\/a>\r\n\r\n ","_et_gb_content_width":"","_joinchat":[],"footnotes":""},"class_list":["post-2004","page","type-page","status-publish","hentry"],"_links":{"self":[{"href":"https:\/\/toldosaraque.com\/madrid\/wp-json\/wp\/v2\/pages\/2004","targetHints":{"allow":["GET"]}}],"collection":[{"href":"https:\/\/toldosaraque.com\/madrid\/wp-json\/wp\/v2\/pages"}],"about":[{"href":"https:\/\/toldosaraque.com\/madrid\/wp-json\/wp\/v2\/types\/page"}],"author":[{"embeddable":true,"href":"https:\/\/toldosaraque.com\/madrid\/wp-json\/wp\/v2\/users\/3"}],"replies":[{"embeddable":true,"href":"https:\/\/toldosaraque.com\/madrid\/wp-json\/wp\/v2\/comments?post=2004"}],"version-history":[{"count":0,"href":"https:\/\/toldosaraque.com\/madrid\/wp-json\/wp\/v2\/pages\/2004\/revisions"}],"wp:attachment":[{"href":"https:\/\/toldosaraque.com\/madrid\/wp-json\/wp\/v2\/media?parent=2004"}],"curies":[{"name":"wp","href":"https:\/\/api.w.org\/{rel}","templated":true}]}}