{"id":2012,"date":"2014-08-10T21:44:02","date_gmt":"2014-08-10T20:44:02","guid":{"rendered":"http:\/\/www.toldosaraque.com\/?page_id=2012"},"modified":"2023-01-27T10:11:52","modified_gmt":"2023-01-27T09:11:52","slug":"fabricantes-de-herrajes","status":"publish","type":"page","link":"https:\/\/toldosaraque.com\/madrid\/fabricantes-de-herrajes\/","title":{"rendered":"FABRICANTES DE HERRAJES  Herrajes para toldos"},"content":{"rendered":"<p>[et_pb_section fb_built=\u00bb1&#8243; admin_label=\u00bbsection\u00bb _builder_version=\u00bb4.16&#8243; global_colors_info=\u00bb{}\u00bb][et_pb_row admin_label=\u00bbrow\u00bb _builder_version=\u00bb4.16&#8243; background_size=\u00bbinitial\u00bb background_position=\u00bbtop_left\u00bb background_repeat=\u00bbrepeat\u00bb global_colors_info=\u00bb{}\u00bb][et_pb_column type=\u00bb4_4&#8243; _builder_version=\u00bb4.16&#8243; custom_padding=\u00bb|||\u00bb global_colors_info=\u00bb{}\u00bb custom_padding__hover=\u00bb|||\u00bb][et_pb_text admin_label=\u00bbTexto\u00bb _builder_version=\u00bb4.19.5&#8243; background_size=\u00bbinitial\u00bb background_position=\u00bbtop_left\u00bb background_repeat=\u00bbrepeat\u00bb custom_margin=\u00bb||0px|\u00bb hover_enabled=\u00bb0&#8243; use_border_color=\u00bboff\u00bb border_color=\u00bb#ffffff\u00bb border_style=\u00bbsolid\u00bb global_colors_info=\u00bb{}\u00bb header_font=\u00bb|700|||||||\u00bb sticky_enabled=\u00bb0&#8243;]<\/p><div id=\"ez-toc-container\" class=\"ez-toc-v2_0_81 ez-toc-wrap-center counter-hierarchy ez-toc-counter ez-toc-grey ez-toc-container-direction\">\n<p class=\"ez-toc-title\" style=\"cursor:inherit\">Resumen:<\/p>\n<label for=\"ez-toc-cssicon-toggle-item-69f2a1afc601c\" class=\"ez-toc-cssicon-toggle-label\"><span class=\"ez-toc-cssicon\"><span class=\"eztoc-hide\" style=\"display:none;\">Toggle<\/span><span class=\"ez-toc-icon-toggle-span\"><svg style=\"fill: #999;color:#999\" xmlns=\"http:\/\/www.w3.org\/2000\/svg\" class=\"list-377408\" width=\"20px\" height=\"20px\" viewBox=\"0 0 24 24\" fill=\"none\"><path d=\"M6 6H4v2h2V6zm14 0H8v2h12V6zM4 11h2v2H4v-2zm16 0H8v2h12v-2zM4 16h2v2H4v-2zm16 0H8v2h12v-2z\" fill=\"currentColor\"><\/path><\/svg><svg style=\"fill: #999;color:#999\" class=\"arrow-unsorted-368013\" xmlns=\"http:\/\/www.w3.org\/2000\/svg\" width=\"10px\" height=\"10px\" viewBox=\"0 0 24 24\" version=\"1.2\" baseProfile=\"tiny\"><path d=\"M18.2 9.3l-6.2-6.3-6.2 6.3c-.2.2-.3.4-.3.7s.1.5.3.7c.2.2.4.3.7.3h11c.3 0 .5-.1.7-.3.2-.2.3-.5.3-.7s-.1-.5-.3-.7zM5.8 14.7l6.2 6.3 6.2-6.3c.2-.2.3-.5.3-.7s-.1-.5-.3-.7c-.2-.2-.4-.3-.7-.3h-11c-.3 0-.5.1-.7.3-.2.2-.3.5-.3.7s.1.5.3.7z\"\/><\/svg><\/span><\/span><\/label><input type=\"checkbox\"  id=\"ez-toc-cssicon-toggle-item-69f2a1afc601c\" checked aria-label=\"Alternar\" \/><nav><ul class='ez-toc-list ez-toc-list-level-1 ' ><li class='ez-toc-page-1 ez-toc-heading-level-1'><a class=\"ez-toc-link ez-toc-heading-1\" href=\"https:\/\/toldosaraque.com\/madrid\/fabricantes-de-herrajes\/#fabricantes-de-herrajes\" >FABRICANTES DE HERRAJES<\/a><ul class='ez-toc-list-level-5' ><li class='ez-toc-heading-level-5'><ul class='ez-toc-list-level-5' ><li class='ez-toc-heading-level-5'><ul class='ez-toc-list-level-5' ><li class='ez-toc-heading-level-5'><ul class='ez-toc-list-level-5' ><li class='ez-toc-heading-level-5'><a class=\"ez-toc-link ez-toc-heading-2\" href=\"https:\/\/toldosaraque.com\/madrid\/fabricantes-de-herrajes\/#ayuso\" >AYUSO<\/a><\/li><li class='ez-toc-page-1 ez-toc-heading-level-5'><a class=\"ez-toc-link ez-toc-heading-3\" href=\"https:\/\/toldosaraque.com\/madrid\/fabricantes-de-herrajes\/#gaviota-simbac\" >GAVIOTA SIMBAC<\/a><\/li><li class='ez-toc-page-1 ez-toc-heading-level-5'><a class=\"ez-toc-link ez-toc-heading-4\" href=\"https:\/\/toldosaraque.com\/madrid\/fabricantes-de-herrajes\/#bat-iberica\" >BAT IBERICA<\/a><\/li><li class='ez-toc-page-1 ez-toc-heading-level-5'><a class=\"ez-toc-link ez-toc-heading-5\" href=\"https:\/\/toldosaraque.com\/madrid\/fabricantes-de-herrajes\/#mitjavila\" >MITJAVILA<\/a><\/li><li class='ez-toc-page-1 ez-toc-heading-level-5'><a class=\"ez-toc-link ez-toc-heading-6\" href=\"https:\/\/toldosaraque.com\/madrid\/fabricantes-de-herrajes\/#llaza\" >LLAZA<\/a><\/li><li class='ez-toc-page-1 ez-toc-heading-level-5'><a class=\"ez-toc-link ez-toc-heading-7\" href=\"https:\/\/toldosaraque.com\/madrid\/fabricantes-de-herrajes\/#siplan\" >SIPLAN<\/a><\/li><li class='ez-toc-page-1 ez-toc-heading-level-5'><a class=\"ez-toc-link ez-toc-heading-8\" href=\"https:\/\/toldosaraque.com\/madrid\/fabricantes-de-herrajes\/#stobag\" >STOBAG<\/a><\/li><\/ul><\/li><\/ul><\/li><\/ul><\/li><\/ul><\/li><\/ul><\/nav><\/div>\n\n<h1 style=\"text-align: center;\"><span class=\"ez-toc-section\" id=\"fabricantes-de-herrajes\"><\/span><span style=\"color: #444444;\">FABRICANTES DE HERRAJES<\/span><span class=\"ez-toc-section-end\"><\/span><\/h1>\n<p>[\/et_pb_text][et_pb_divider color=\u00bb#2c99fc\u00bb admin_label=\u00bbSeparador\u00bb _builder_version=\u00bb4.16&#8243; hide_on_mobile=\u00bboff\u00bb global_colors_info=\u00bb{}\u00bb] [\/et_pb_divider][\/et_pb_column][\/et_pb_row][et_pb_row column_structure=\u00bb1_2,1_2&#8243; padding_mobile=\u00bboff\u00bb make_equal=\u00bbon\u00bb column_padding_mobile=\u00bbon\u00bb admin_label=\u00bbrow\u00bb _builder_version=\u00bb4.16&#8243; background_size=\u00bbinitial\u00bb background_position=\u00bbtop_left\u00bb background_repeat=\u00bbrepeat\u00bb make_fullwidth=\u00bboff\u00bb use_custom_width=\u00bboff\u00bb width_unit=\u00bbon\u00bb global_colors_info=\u00bb{}\u00bb][et_pb_column type=\u00bb1_2&#8243; _builder_version=\u00bb4.16&#8243; custom_padding=\u00bb|||\u00bb global_colors_info=\u00bb{}\u00bb custom_padding__hover=\u00bb|||\u00bb][et_pb_image src=\u00bbhttps:\/\/toldosaraque.com\/madrid\/wp-content\/uploads\/2014\/08\/AYUSO.jpg\u00bb align=\u00bbcenter\u00bb align_tablet=\u00bbcenter\u00bb align_phone=\u00bb\u00bb align_last_edited=\u00bbon|desktop\u00bb admin_label=\u00bbImagen\u00bb _builder_version=\u00bb4.16&#8243; use_border_color=\u00bboff\u00bb border_color=\u00bb#ffffff\u00bb border_style=\u00bbsolid\u00bb animation=\u00bboff\u00bb sticky=\u00bboff\u00bb always_center_on_mobile=\u00bbon\u00bb global_colors_info=\u00bb{}\u00bb] [\/et_pb_image][et_pb_text admin_label=\u00bbTexto\u00bb _builder_version=\u00bb4.16&#8243; background_size=\u00bbinitial\u00bb background_position=\u00bbtop_left\u00bb background_repeat=\u00bbrepeat\u00bb use_border_color=\u00bboff\u00bb border_color=\u00bb#ffffff\u00bb border_style=\u00bbsolid\u00bb global_colors_info=\u00bb{}\u00bb]<\/p>\n<h5><span class=\"ez-toc-section\" id=\"ayuso\"><\/span><strong>AYUSO<\/strong><span class=\"ez-toc-section-end\"><\/span><\/h5>\n<p style=\"text-align: justify;\">El grupo Ayuso es hoy un moderno Grupo formado por m\u00e1s de veinte empresas, que basa su actividad empresarial en la extrusi\u00f3n y distribuci\u00f3n de perfiles de aluminio, tanto en el \u00e1mbito nacional como internacional.<\/p>\n<p style=\"text-align: justify;\"><a href=\"https:\/\/www.grupoayuso.org\" target=\"_blank\" rel=\"noopener noreferrer nofollow\">www.grupoayuso.org<\/a><\/p>\n<p>[\/et_pb_text][et_pb_image src=\u00bbhttps:\/\/toldosaraque.com\/madrid\/wp-content\/uploads\/2014\/08\/proveedor-gaviota.jpg\u00bb align=\u00bbcenter\u00bb align_tablet=\u00bbcenter\u00bb align_phone=\u00bb\u00bb align_last_edited=\u00bbon|desktop\u00bb admin_label=\u00bbImagen\u00bb _builder_version=\u00bb4.16&#8243; use_border_color=\u00bboff\u00bb border_color=\u00bb#ffffff\u00bb border_style=\u00bbsolid\u00bb animation=\u00bboff\u00bb sticky=\u00bboff\u00bb always_center_on_mobile=\u00bbon\u00bb global_colors_info=\u00bb{}\u00bb] [\/et_pb_image][et_pb_text admin_label=\u00bbTexto\u00bb _builder_version=\u00bb4.16&#8243; background_size=\u00bbinitial\u00bb background_position=\u00bbtop_left\u00bb background_repeat=\u00bbrepeat\u00bb use_border_color=\u00bboff\u00bb border_color=\u00bb#ffffff\u00bb border_style=\u00bbsolid\u00bb global_colors_info=\u00bb{}\u00bb]<\/p>\n<h5><span class=\"ez-toc-section\" id=\"gaviota-simbac\"><\/span><strong>GAVIOTA SIMBAC<\/strong><span class=\"ez-toc-section-end\"><\/span><\/h5>\n<p>GAVIOTA SIMBAC es referente mundial en el sector de accesorios y sistemas de toldos inteligentes. Nuestros sistemas de protecci\u00f3n solar se basan en soluciones innovadoras, seguras, rentables y sostenibles, desarrolladas gracias a un cualificado equipo humano de m\u00e1s de 300 personas unidas por el esfuerzo, la investigaci\u00f3n y el compromiso con el cliente en alianza con los \u00faltimos avances tecnol\u00f3gicos.<\/p>\n<p><a href=\"https:\/\/www.gaviotagroup.com\/\" target=\"_blank\" rel=\"noopener noreferrer nofollow\">https:\/\/www.gaviotagroup.com<\/a><\/p>\n<p>[\/et_pb_text][et_pb_image src=\u00bbhttps:\/\/toldosaraque.com\/madrid\/wp-content\/uploads\/2014\/08\/bat.jpg\u00bb align=\u00bbcenter\u00bb align_tablet=\u00bbcenter\u00bb align_phone=\u00bb\u00bb align_last_edited=\u00bbon|desktop\u00bb admin_label=\u00bbImagen\u00bb _builder_version=\u00bb4.16&#8243; use_border_color=\u00bboff\u00bb border_color=\u00bb#ffffff\u00bb border_style=\u00bbsolid\u00bb animation=\u00bboff\u00bb sticky=\u00bboff\u00bb always_center_on_mobile=\u00bbon\u00bb global_colors_info=\u00bb{}\u00bb] [\/et_pb_image][et_pb_text admin_label=\u00bbTexto\u00bb _builder_version=\u00bb4.16&#8243; background_size=\u00bbinitial\u00bb background_position=\u00bbtop_left\u00bb background_repeat=\u00bbrepeat\u00bb use_border_color=\u00bboff\u00bb border_color=\u00bb#ffffff\u00bb border_style=\u00bbsolid\u00bb global_colors_info=\u00bb{}\u00bb]<\/p>\n<h5><span class=\"ez-toc-section\" id=\"bat-iberica\"><\/span><strong>BAT IBERICA<\/strong><span class=\"ez-toc-section-end\"><\/span><\/h5>\n<p>BAT IBERICA se dedica a la producci\u00f3n y venta de componentes de sistemas para la protecci\u00f3n solar, con el mayor cat\u00e1logo existente en el mercado, adem\u00e1s desde el a\u00f1o 2010 distribuye la gama de productos Gennius que fabrica la empresa del grupo KE, compuesta con p\u00e9rgolas antilluvia, velas motorizadas y todos sus complementos.<\/p>\n<p><a href=\"https:\/\/www.batgroup.com\/es\/\" target=\"_blank\" rel=\"noopener noreferrer nofollow\">https:\/\/www.batgroup.com\/es\/<\/a><\/p>\n<p>[\/et_pb_text][\/et_pb_column][et_pb_column type=\u00bb1_2&#8243; _builder_version=\u00bb4.16&#8243; custom_padding=\u00bb|||\u00bb global_colors_info=\u00bb{}\u00bb custom_padding__hover=\u00bb|||\u00bb][et_pb_image src=\u00bbhttps:\/\/toldosaraque.com\/madrid\/wp-content\/uploads\/2014\/08\/MITJAVILA.jpg\u00bb align=\u00bbcenter\u00bb align_tablet=\u00bbcenter\u00bb align_phone=\u00bb\u00bb align_last_edited=\u00bbon|desktop\u00bb admin_label=\u00bbImagen\u00bb _builder_version=\u00bb4.16&#8243; use_border_color=\u00bboff\u00bb border_color=\u00bb#ffffff\u00bb border_style=\u00bbsolid\u00bb animation=\u00bboff\u00bb sticky=\u00bboff\u00bb always_center_on_mobile=\u00bbon\u00bb global_colors_info=\u00bb{}\u00bb] [\/et_pb_image][et_pb_text admin_label=\u00bbTexto\u00bb _builder_version=\u00bb4.16&#8243; background_size=\u00bbinitial\u00bb background_position=\u00bbtop_left\u00bb background_repeat=\u00bbrepeat\u00bb use_border_color=\u00bboff\u00bb border_color=\u00bb#ffffff\u00bb border_style=\u00bbsolid\u00bb global_colors_info=\u00bb{}\u00bb]<\/p>\n<h5 style=\"text-align: justify;\"><span class=\"ez-toc-section\" id=\"mitjavila\"><\/span><strong>MITJAVILA<\/strong><span class=\"ez-toc-section-end\"><\/span><\/h5>\n<p style=\"text-align: justify;\">Fabricante franc\u00e9s de accesorios y sistemas para toldos, desde su fundaci\u00f3n en 1970 el grupo Mitjavila no cesa de satisfacer las exigencias de sus clientes y las nuevas tendencias del mercado.<\/p>\n<p style=\"text-align: justify;\"><a href=\"https:\/\/www.mitjavila.com\/\" target=\"_blank\" rel=\"noopener noreferrer nofollow\">https:\/\/www.mitjavila.com\/<\/a><\/p>\n<p>[\/et_pb_text][et_pb_image src=\u00bbhttps:\/\/toldosaraque.com\/madrid\/wp-content\/uploads\/2014\/08\/llaza.jpg\u00bb align=\u00bbcenter\u00bb align_tablet=\u00bbcenter\u00bb align_phone=\u00bb\u00bb align_last_edited=\u00bbon|desktop\u00bb admin_label=\u00bbImagen\u00bb _builder_version=\u00bb4.16&#8243; use_border_color=\u00bboff\u00bb border_color=\u00bb#ffffff\u00bb border_style=\u00bbsolid\u00bb animation=\u00bboff\u00bb sticky=\u00bboff\u00bb always_center_on_mobile=\u00bbon\u00bb global_colors_info=\u00bb{}\u00bb] [\/et_pb_image][et_pb_text admin_label=\u00bbTexto\u00bb _builder_version=\u00bb4.16&#8243; background_size=\u00bbinitial\u00bb background_position=\u00bbtop_left\u00bb background_repeat=\u00bbrepeat\u00bb use_border_color=\u00bboff\u00bb border_color=\u00bb#ffffff\u00bb border_style=\u00bbsolid\u00bb global_colors_info=\u00bb{}\u00bb]<\/p>\n<h5><span class=\"ez-toc-section\" id=\"llaza\"><\/span><strong style=\"color: #444444;\">LLAZA<\/strong><span class=\"ez-toc-section-end\"><\/span><\/h5>\n<p style=\"text-align: justify;\">LLAZA  es una marca dedicada al dise\u00f1o, la fabricaci\u00f3n y la comercializaci\u00f3n de sistemas y accesorios para la protecci\u00f3n solar de calidad. Su actividad se centra en la protecci\u00f3n solar exterior.<\/p>\n<p style=\"text-align: justify;\">La marca se cre\u00f3 en Reus en 1964  y actualmente comercializa sus productos en m\u00e1s de 70 pa\u00edses.<\/p>\n<p style=\"text-align: justify;\"><a href=\"https:\/\/www.llaza.com\/\" target=\"_blank\" rel=\"noopener noreferrer nofollow\">https:\/\/llaza.com<\/a><\/p>\n<p>[\/et_pb_text][et_pb_image src=\u00bbhttps:\/\/toldosaraque.com\/madrid\/wp-content\/uploads\/2014\/08\/siplan.jpg\u00bb align=\u00bbcenter\u00bb align_tablet=\u00bbcenter\u00bb align_phone=\u00bb\u00bb align_last_edited=\u00bbon|desktop\u00bb admin_label=\u00bbImagen\u00bb _builder_version=\u00bb4.16&#8243; use_border_color=\u00bboff\u00bb border_color=\u00bb#ffffff\u00bb border_style=\u00bbsolid\u00bb animation=\u00bboff\u00bb sticky=\u00bboff\u00bb always_center_on_mobile=\u00bbon\u00bb global_colors_info=\u00bb{}\u00bb] [\/et_pb_image][et_pb_text admin_label=\u00bbTexto\u00bb _builder_version=\u00bb4.16&#8243; background_size=\u00bbinitial\u00bb background_position=\u00bbtop_left\u00bb background_repeat=\u00bbrepeat\u00bb use_border_color=\u00bboff\u00bb border_color=\u00bb#ffffff\u00bb border_style=\u00bbsolid\u00bb global_colors_info=\u00bb{}\u00bb]<\/p>\n<h5><span class=\"ez-toc-section\" id=\"siplan\"><\/span><strong style=\"color: #444444;\">SIPLAN<br \/><\/strong><span class=\"ez-toc-section-end\"><\/span><\/h5>\n<p style=\"text-align: justify;\">SIPLAN naci\u00f3 en Sevilla en el a\u00f1o 1993. Su vocaci\u00f3n de innovaci\u00f3n en el mercado del toldo con la creaci\u00f3n del toldo plano no ha cesado y, a\u00f1o tras a\u00f1o, ha ido incrementando la oferta de productos, completando su cat\u00e1logo con la gama m\u00e1s extensa de p\u00e9rgolas, toldos de brazos articulados, toldos de cofre, toldos cortavientos y estores, consiguiendo as\u00ed la soluci\u00f3n a cada necesidad de toldos para viviendas, comercios o zonas de ocio.<\/p>\n<p style=\"text-align: justify;\"><a href=\"http:\/\/siplan.com\/\" target=\"_blank\" rel=\"noopener noreferrer nofollow\">https:\/\/siplan.com\/<\/a><\/p>\n<p>[\/et_pb_text][et_pb_image src=\u00bbhttps:\/\/toldosaraque.com\/madrid\/wp-content\/uploads\/2014\/08\/TuW35yZv.jpg\u00bb align=\u00bbcenter\u00bb align_tablet=\u00bbcenter\u00bb align_phone=\u00bb\u00bb align_last_edited=\u00bbon|desktop\u00bb admin_label=\u00bbImagen\u00bb _builder_version=\u00bb4.16&#8243; use_border_color=\u00bboff\u00bb border_color=\u00bb#ffffff\u00bb border_style=\u00bbsolid\u00bb animation=\u00bboff\u00bb sticky=\u00bboff\u00bb always_center_on_mobile=\u00bbon\u00bb global_colors_info=\u00bb{}\u00bb] [\/et_pb_image][et_pb_text admin_label=\u00bbTexto\u00bb _builder_version=\u00bb4.16&#8243; background_size=\u00bbinitial\u00bb background_position=\u00bbtop_left\u00bb background_repeat=\u00bbrepeat\u00bb use_border_color=\u00bboff\u00bb border_color=\u00bb#ffffff\u00bb border_style=\u00bbsolid\u00bb global_colors_info=\u00bb{}\u00bb]<\/p>\n<h5><span class=\"ez-toc-section\" id=\"stobag\"><\/span><strong style=\"color: #444444;\">STOBAG<\/strong><span class=\"ez-toc-section-end\"><\/span><\/h5>\n<p style=\"text-align: justify;\">STOBAG ofrece una amplia gama de sistemas para toldos individuales para todas las necesidades. Su oasis de sombra c\u00f3modamente se puede ampliar y automatizar las opciones de confort artificiosas.<br \/>Sumergirse en el mundo de inspiraci\u00f3n de colores y formas. La experiencia de la fant\u00e1stica simbiosis de calidad, tecnolog\u00eda y dise\u00f1o.<\/p>\n<p><a href=\"https:\/\/www.stobag.com\/en\/stobag-ag\/about-us\/\" target=\"_blank\" rel=\"noopener noreferrer nofollow\">https:\/\/www.stobag.com\/en\/stobag-ag\/about-us\/<\/a><\/p>\n<p>[\/et_pb_text][\/et_pb_column][\/et_pb_row][\/et_pb_section]<\/p>\n","protected":false},"excerpt":{"rendered":"<p>FABRICANTES DE HERRAJES AYUSO El grupo Ayuso es hoy un moderno Grupo formado por m\u00e1s de veinte empresas, que basa su actividad empresarial en la extrusi\u00f3n y distribuci\u00f3n de perfiles de aluminio, tanto en el \u00e1mbito nacional como internacional. www.grupoayuso.org GAVIOTA SIMBAC GAVIOTA SIMBAC es referente mundial en el sector de accesorios y sistemas de [&hellip;]<\/p>\n","protected":false},"author":3,"featured_media":884,"parent":0,"menu_order":0,"comment_status":"closed","ping_status":"closed","template":"","meta":{"_et_pb_use_builder":"on","_et_pb_old_content":"<h6><span style=\"color: #444444;\">[hr]<\/span><\/h6><h6><strong>GAVIOTA SIMBAC<\/strong><\/h6><p><a title=\"gaviota simbac\" href=\"https:\/\/www.gaviotasimbac.com\/es\"><img class=\"alignleft wp-image-2013\" src=\"https:\/\/www.toldosaraque.com\/wp-content\/uploads\/2014\/08\/R-150x150.jpg\" alt=\"R\" width=\"125\" height=\"100\" \/><\/a>Fabricante espa\u00f1ol referente mundial en el sector de accesorios de toldos inteligentes, soluciones innovadoras, seguras, rentables y sostenibles.                                                                                                                                 <a title=\"gaviota simbac\" href=\"https:\/\/www.gaviotasimbac.com\/es\">www.gaviotasimbac.com<\/a><\/p><p> <\/p><h6><strong>MITJAVILA<\/strong><\/h6><p><a title=\"mitjavila\" href=\"https:\/\/www.mitjavila.com\/\"><img class=\"alignleft wp-image-2026\" src=\"https:\/\/www.toldosaraque.com\/wp-content\/uploads\/2014\/08\/mitjavila.jpg\" alt=\"mitjavila\" width=\"122\" height=\"105\" \/><\/a>Fabricante franc\u00e9s de accesorios y sistemas para toldos, desde su fundaci\u00f3n en 1970 el grupo Mitjavila no cesa de satisfacer las exigencias de sus clientes y las nuevas tendencias del mercado.                                                                   <a title=\"mitjavila\" href=\"https:\/\/www.mitjavila.com\/\">www.mitjavila.com<\/a><\/p><p> <\/p><h6><strong>AYUSO<\/strong><\/h6><p><span style=\"color: #000000;\"><a title=\"ayuso\" href=\"https:\/\/www.grupoayuso.org\/\"><img class=\"alignleft wp-image-2036\" src=\"https:\/\/www.toldosaraque.com\/wp-content\/uploads\/2014\/08\/Logo-gupo-01.jpg\" alt=\"Logo-gupo-01\" width=\"125\" height=\"112\" \/><\/a>El grupo ayuso<\/span><span style=\"color: #000000;\"> es hoy un moderno Grupo formado por m\u00e1s de veinte empresas, que basa su actividad empresarial en la extrusi\u00f3n y distribuci\u00f3n de perfiles de aluminio, tanto en el \u00e1mbito nacional como internacional.                                                                                                                                  <a title=\"ayuso\" href=\"https:\/\/www.grupoayuso.org\/\">www.grupoayuso.org<\/a><\/span><\/p><p> <\/p><h6><strong>LLAZA<\/strong><\/h6><p><a title=\"llaza\" href=\"https:\/\/llaza-awnings.com\/es\/consumidores\/\"><img class=\"alignleft wp-image-2042\" src=\"https:\/\/www.toldosaraque.com\/wp-content\/uploads\/2014\/08\/llaza.jpg\" alt=\"llaza\" width=\"128\" height=\"108\" \/><\/a>Fabrica fundada en 1964, es una marca dedicada al dise\u00f1o, la fabricaci\u00f3n y la comercializaci\u00f3n de sistemas y accesorios para la protecci\u00f3n solar de calidad. Su actividad se centra en la protecci\u00f3n solar exterior.                                                                                                                           <a title=\"llaza\" href=\"https:\/\/llaza-awnings.com\/es\/consumidores\/\">www.llaza.com<\/a><\/p>","_et_gb_content_width":"","_joinchat":[],"footnotes":""},"class_list":["post-2012","page","type-page","status-publish","has-post-thumbnail","hentry"],"_links":{"self":[{"href":"https:\/\/toldosaraque.com\/madrid\/wp-json\/wp\/v2\/pages\/2012","targetHints":{"allow":["GET"]}}],"collection":[{"href":"https:\/\/toldosaraque.com\/madrid\/wp-json\/wp\/v2\/pages"}],"about":[{"href":"https:\/\/toldosaraque.com\/madrid\/wp-json\/wp\/v2\/types\/page"}],"author":[{"embeddable":true,"href":"https:\/\/toldosaraque.com\/madrid\/wp-json\/wp\/v2\/users\/3"}],"replies":[{"embeddable":true,"href":"https:\/\/toldosaraque.com\/madrid\/wp-json\/wp\/v2\/comments?post=2012"}],"version-history":[{"count":0,"href":"https:\/\/toldosaraque.com\/madrid\/wp-json\/wp\/v2\/pages\/2012\/revisions"}],"wp:featuredmedia":[{"embeddable":true,"href":"https:\/\/toldosaraque.com\/madrid\/wp-json\/wp\/v2\/media\/884"}],"wp:attachment":[{"href":"https:\/\/toldosaraque.com\/madrid\/wp-json\/wp\/v2\/media?parent=2012"}],"curies":[{"name":"wp","href":"https:\/\/api.w.org\/{rel}","templated":true}]}}