{"id":2242,"date":"2015-11-20T13:01:21","date_gmt":"2015-11-20T12:01:21","guid":{"rendered":"https:\/\/toldosaraque.com\/madrid\/?page_id=2242"},"modified":"2026-03-01T11:56:44","modified_gmt":"2026-03-01T10:56:44","slug":"toldo-veranda-madrid","status":"publish","type":"page","link":"https:\/\/toldosaraque.com\/madrid\/toldos\/toldo-veranda-madrid\/","title":{"rendered":"TOLDO VERANDA MADRID"},"content":{"rendered":"<p>[et_pb_section fb_built=\u00bb1&#8243; admin_label=\u00bbsection\u00bb _builder_version=\u00bb4.16&#8243; global_colors_info=\u00bb{}\u00bb][et_pb_row column_structure=\u00bb1_2,1_2&#8243; admin_label=\u00bbrow\u00bb _builder_version=\u00bb4.16&#8243; background_size=\u00bbinitial\u00bb background_position=\u00bbtop_left\u00bb background_repeat=\u00bbrepeat\u00bb global_colors_info=\u00bb{}\u00bb][et_pb_column type=\u00bb1_2&#8243; _builder_version=\u00bb4.16&#8243; custom_padding=\u00bb|||\u00bb global_colors_info=\u00bb{}\u00bb custom_padding__hover=\u00bb|||\u00bb][et_pb_text _builder_version=\u00bb4.19.5&#8243; background_size=\u00bbinitial\u00bb background_position=\u00bbtop_left\u00bb background_repeat=\u00bbrepeat\u00bb custom_margin=\u00bb||0px|\u00bb use_border_color=\u00bboff\u00bb border_color=\u00bb#ffffff\u00bb border_style=\u00bbsolid\u00bb global_colors_info=\u00bb{}\u00bb]<\/p><div id=\"ez-toc-container\" class=\"ez-toc-v2_0_81 ez-toc-wrap-center counter-hierarchy ez-toc-counter ez-toc-grey ez-toc-container-direction\">\n<p class=\"ez-toc-title\" style=\"cursor:inherit\">Resumen:<\/p>\n<label for=\"ez-toc-cssicon-toggle-item-69f26c7390348\" class=\"ez-toc-cssicon-toggle-label\"><span class=\"ez-toc-cssicon\"><span class=\"eztoc-hide\" style=\"display:none;\">Toggle<\/span><span class=\"ez-toc-icon-toggle-span\"><svg style=\"fill: #999;color:#999\" xmlns=\"http:\/\/www.w3.org\/2000\/svg\" class=\"list-377408\" width=\"20px\" height=\"20px\" viewBox=\"0 0 24 24\" fill=\"none\"><path d=\"M6 6H4v2h2V6zm14 0H8v2h12V6zM4 11h2v2H4v-2zm16 0H8v2h12v-2zM4 16h2v2H4v-2zm16 0H8v2h12v-2z\" fill=\"currentColor\"><\/path><\/svg><svg style=\"fill: #999;color:#999\" class=\"arrow-unsorted-368013\" xmlns=\"http:\/\/www.w3.org\/2000\/svg\" width=\"10px\" height=\"10px\" viewBox=\"0 0 24 24\" version=\"1.2\" baseProfile=\"tiny\"><path d=\"M18.2 9.3l-6.2-6.3-6.2 6.3c-.2.2-.3.4-.3.7s.1.5.3.7c.2.2.4.3.7.3h11c.3 0 .5-.1.7-.3.2-.2.3-.5.3-.7s-.1-.5-.3-.7zM5.8 14.7l6.2 6.3 6.2-6.3c.2-.2.3-.5.3-.7s-.1-.5-.3-.7c-.2-.2-.4-.3-.7-.3h-11c-.3 0-.5.1-.7.3-.2.2-.3.5-.3.7s.1.5.3.7z\"\/><\/svg><\/span><\/span><\/label><input type=\"checkbox\"  id=\"ez-toc-cssicon-toggle-item-69f26c7390348\" checked aria-label=\"Alternar\" \/><nav><ul class='ez-toc-list ez-toc-list-level-1 ' ><li class='ez-toc-page-1 ez-toc-heading-level-1'><a class=\"ez-toc-link ez-toc-heading-1\" href=\"https:\/\/toldosaraque.com\/madrid\/toldos\/toldo-veranda-madrid\/#toldo-veranda\" >TOLDO VERANDA<\/a><ul class='ez-toc-list-level-4' ><li class='ez-toc-heading-level-4'><ul class='ez-toc-list-level-4' ><li class='ez-toc-heading-level-4'><ul class='ez-toc-list-level-4' ><li class='ez-toc-heading-level-4'><a class=\"ez-toc-link ez-toc-heading-2\" href=\"https:\/\/toldosaraque.com\/madrid\/toldos\/toldo-veranda-madrid\/#galeria-de-imagenes\" >GALER\u00cdA DE IM\u00c1GENES<\/a><\/li><li class='ez-toc-page-1 ez-toc-heading-level-4'><a class=\"ez-toc-link ez-toc-heading-3\" href=\"https:\/\/toldosaraque.com\/madrid\/toldos\/toldo-veranda-madrid\/#videos\" >VIDEOS<\/a><\/li><li class='ez-toc-page-1 ez-toc-heading-level-4'><a class=\"ez-toc-link ez-toc-heading-4\" href=\"https:\/\/toldosaraque.com\/madrid\/toldos\/toldo-veranda-madrid\/#catalogo-toldo-veranda\" >CAT\u00c1LOGO TOLDO VERANDA<\/a><\/li><\/ul><\/li><\/ul><\/li><li class='ez-toc-page-1 ez-toc-heading-level-2'><a class=\"ez-toc-link ez-toc-heading-5\" href=\"https:\/\/toldosaraque.com\/madrid\/toldos\/toldo-veranda-madrid\/#que-es-un-toldo-veranda-y-como-funciona\" >Qu\u00e9 es un toldo Veranda y c\u00f3mo funciona<\/a><\/li><li class='ez-toc-page-1 ez-toc-heading-level-2'><a class=\"ez-toc-link ez-toc-heading-6\" href=\"https:\/\/toldosaraque.com\/madrid\/toldos\/toldo-veranda-madrid\/#ventajas-del-toldo-veranda\" >Ventajas del toldo Veranda<\/a><\/li><li class='ez-toc-page-1 ez-toc-heading-level-2'><a class=\"ez-toc-link ez-toc-heading-7\" href=\"https:\/\/toldosaraque.com\/madrid\/toldos\/toldo-veranda-madrid\/#motorizacion-y-automatizacion\" >Motorizaci\u00f3n y automatizaci\u00f3n<\/a><\/li><li class='ez-toc-page-1 ez-toc-heading-level-2'><a class=\"ez-toc-link ez-toc-heading-8\" href=\"https:\/\/toldosaraque.com\/madrid\/toldos\/toldo-veranda-madrid\/#tejidos-y-personalizacion\" >Tejidos y personalizaci\u00f3n<\/a><\/li><li class='ez-toc-page-1 ez-toc-heading-level-2'><a class=\"ez-toc-link ez-toc-heading-9\" href=\"https:\/\/toldosaraque.com\/madrid\/toldos\/toldo-veranda-madrid\/#diferencias-frente-a-otros-sistemas\" >Diferencias frente a otros sistemas<\/a><\/li><li class='ez-toc-page-1 ez-toc-heading-level-2'><a class=\"ez-toc-link ez-toc-heading-10\" href=\"https:\/\/toldosaraque.com\/madrid\/toldos\/toldo-veranda-madrid\/#instalacion-de-toldo-veranda-en-madrid-valdemoro-y-alrededores\" >Instalaci\u00f3n de toldo Veranda en Madrid, Valdemoro y alrededores<\/a><\/li><li class='ez-toc-page-1 ez-toc-heading-level-2'><a class=\"ez-toc-link ez-toc-heading-11\" href=\"https:\/\/toldosaraque.com\/madrid\/toldos\/toldo-veranda-madrid\/#mantenimiento-del-toldo-veranda\" >Mantenimiento del toldo Veranda<\/a><\/li><li class='ez-toc-page-1 ez-toc-heading-level-2'><a class=\"ez-toc-link ez-toc-heading-12\" href=\"https:\/\/toldosaraque.com\/madrid\/toldos\/toldo-veranda-madrid\/#preguntas-frecuentes-sobre-el-toldo-veranda\" >Preguntas frecuentes sobre el toldo Veranda<\/a><ul class='ez-toc-list-level-3' ><li class='ez-toc-heading-level-3'><a class=\"ez-toc-link ez-toc-heading-13\" href=\"https:\/\/toldosaraque.com\/madrid\/toldos\/toldo-veranda-madrid\/#%c2%bfsirve-para-cualquier-techo\" >\u00bfSirve para cualquier techo?<\/a><\/li><li class='ez-toc-page-1 ez-toc-heading-level-3'><a class=\"ez-toc-link ez-toc-heading-14\" href=\"https:\/\/toldosaraque.com\/madrid\/toldos\/toldo-veranda-madrid\/#%c2%bfpuede-instalarse-en-una-pergola\" >\u00bfPuede instalarse en una p\u00e9rgola?<\/a><\/li><li class='ez-toc-page-1 ez-toc-heading-level-3'><a class=\"ez-toc-link ez-toc-heading-15\" href=\"https:\/\/toldosaraque.com\/madrid\/toldos\/toldo-veranda-madrid\/#%c2%bfes-obligatorio-que-sea-motorizado\" >\u00bfEs obligatorio que sea motorizado?<\/a><\/li><li class='ez-toc-page-1 ez-toc-heading-level-3'><a class=\"ez-toc-link ez-toc-heading-16\" href=\"https:\/\/toldosaraque.com\/madrid\/toldos\/toldo-veranda-madrid\/#%c2%bfreduce-realmente-el-calor-interior\" >\u00bfReduce realmente el calor interior?<\/a><\/li><\/ul><\/li><\/ul><\/li><\/ul><\/nav><\/div>\n\n<h1 style=\"text-align: center;\"><span class=\"ez-toc-section\" id=\"toldo-veranda\"><\/span><strong>TOLDO VERANDA<\/strong><span class=\"ez-toc-section-end\"><\/span><\/h1>\n<p>[\/et_pb_text][et_pb_divider color=\u00bb#2c99fc\u00bb _builder_version=\u00bb4.16&#8243; hide_on_mobile=\u00bboff\u00bb global_colors_info=\u00bb{}\u00bb]&nbsp;<br \/>\n[\/et_pb_divider][et_pb_text _builder_version=\u00bb4.16&#8243; background_size=\u00bbinitial\u00bb background_position=\u00bbtop_left\u00bb background_repeat=\u00bbrepeat\u00bb use_border_color=\u00bboff\u00bb border_color=\u00bb#ffffff\u00bb border_style=\u00bbsolid\u00bb global_colors_info=\u00bb{}\u00bb]<\/p>\n<p style=\"text-align: justify;\">Sistema que desplaza una lona por medio de gu\u00edas y tensores cubriendo una superficie como un techo abierto, aboardillado o acristalamiento.<\/p>\n<p style=\"text-align: justify;\">Es imprescindible que este sistema sea motorizado para su funcionamiento.<\/p>\n<p style=\"text-align: justify;\">Al ser maniobrado con motor garantiza una tensi\u00f3n \u00f3ptima de la lona.<\/p>\n<p style=\"text-align: justify;\">Adem\u00e1s dispone de un caj\u00f3n trasero de protecci\u00f3n que preserva la lona de los agentes atmosf\u00e9ricos da\u00f1inos cuando el toldo esta recogido.<\/p>\n<p style=\"text-align: justify;\"><u>Caracter\u00edsticas T\u00e9cnicas<\/u><\/p>\n<ul>\n<li style=\"text-align: justify;\">Confecci\u00f3n a medida.<\/li>\n<li style=\"text-align: justify;\">Gran superficie de lona: hasta 5,00 metros de l\u00ednea total del toldo por 4,00 metros de salida.<\/li>\n<li style=\"text-align: justify;\">Posibilidad de motorizar con mando v\u00eda radio.<\/li>\n<li style=\"text-align: justify;\">Posibilidad de automatizar con central sol \/ viento.<\/li>\n<li style=\"text-align: justify;\">Tubo de enrolle en 70\/78mm de di\u00e1metro en acero galvanizado.<\/li>\n<li style=\"text-align: justify;\">Tapas laterales lacadas en el mismo color que el resto de aluminio.<\/li>\n<li style=\"text-align: justify;\">Gran duraci\u00f3n y resistencia de todos los elementos del toldo.<\/li>\n<li style=\"text-align: justify;\">Funcionamiento silencioso.<\/li>\n<li style=\"text-align: justify;\">Se puede montar sobre techo.<\/li>\n<li style=\"text-align: justify;\">Inclinaci\u00f3n m\u00ednima de 15 grados.<\/li>\n<li style=\"text-align: justify;\">Color del aluminio en blanco est\u00e1ndar, pudi\u00e9ndose realizar en cualquier color de la carta de colores Ral.<\/li>\n<li style=\"text-align: justify;\">Tejidos t\u00e9cnicos y acr\u00edlicos.<\/li>\n<li style=\"text-align: justify;\">Instalaci\u00f3n mediante tirafondos o en su lugar inyectando tacos qu\u00edmicos (hormig\u00f3n l\u00edquido).<\/li>\n<\/ul>\n<p>[\/et_pb_text][\/et_pb_column][et_pb_column type=\u00bb1_2&#8243; _builder_version=\u00bb4.16&#8243; custom_padding=\u00bb|||\u00bb global_colors_info=\u00bb{}\u00bb custom_padding__hover=\u00bb|||\u00bb][et_pb_image src=\u00bbhttps:\/\/toldosaraque.com\/madrid\/wp-content\/uploads\/2017\/06\/Toldo-Veranda-motorizado-Pinto-Madrid-Copiar.jpg\u00bb align_tablet=\u00bbcenter\u00bb align_phone=\u00bb\u00bb align_last_edited=\u00bbon|desktop\u00bb _builder_version=\u00bb4.16&#8243; animation_style=\u00bbslide\u00bb animation_direction=\u00bbleft\u00bb animation_duration=\u00bb500ms\u00bb animation_intensity_slide=\u00bb10%\u00bb use_border_color=\u00bboff\u00bb border_color=\u00bb#ffffff\u00bb border_style=\u00bbsolid\u00bb animation=\u00bbleft\u00bb sticky=\u00bboff\u00bb always_center_on_mobile=\u00bbon\u00bb global_colors_info=\u00bb{}\u00bb]&nbsp;<br \/>\n[\/et_pb_image][et_pb_text _builder_version=\u00bb4.16&#8243; background_size=\u00bbinitial\u00bb background_position=\u00bbtop_left\u00bb background_repeat=\u00bbrepeat\u00bb custom_margin=\u00bb||0px|\u00bb use_border_color=\u00bboff\u00bb border_color=\u00bb#ffffff\u00bb border_style=\u00bbsolid\u00bb global_colors_info=\u00bb{}\u00bb]<\/p>\n<h4><span class=\"ez-toc-section\" id=\"galeria-de-imagenes\"><\/span>GALER\u00cdA DE IM\u00c1GENES<span class=\"ez-toc-section-end\"><\/span><\/h4>\n<p>[\/et_pb_text][et_pb_divider color=\u00bb#2c99fc\u00bb _builder_version=\u00bb4.16&#8243; hide_on_mobile=\u00bboff\u00bb global_colors_info=\u00bb{}\u00bb]&nbsp;<br \/>\n[\/et_pb_divider][et_pb_gallery gallery_ids=\u00bb4689,4105,4213,5020,4650,4106,4211,5019,4212,5018,3183,3181,3182,3180,3179,3178,3176,3177&#8243; show_title_and_caption=\u00bboff\u00bb zoom_icon_color=\u00bb#2ea3f2&#8243; _builder_version=\u00bb4.16&#8243; global_colors_info=\u00bb{}\u00bb][\/et_pb_gallery][\/et_pb_column][\/et_pb_row][et_pb_row _builder_version=\u00bb4.16&#8243; background_size=\u00bbinitial\u00bb background_position=\u00bbtop_left\u00bb background_repeat=\u00bbrepeat\u00bb global_colors_info=\u00bb{}\u00bb][et_pb_column type=\u00bb4_4&#8243; _builder_version=\u00bb4.16&#8243; custom_padding=\u00bb|||\u00bb global_colors_info=\u00bb{}\u00bb custom_padding__hover=\u00bb|||\u00bb][et_pb_text _builder_version=\u00bb4.16&#8243; background_size=\u00bbinitial\u00bb background_position=\u00bbtop_left\u00bb background_repeat=\u00bbrepeat\u00bb custom_margin=\u00bb||0px|\u00bb use_border_color=\u00bboff\u00bb global_colors_info=\u00bb{}\u00bb]<\/p>\n<h4><span class=\"ez-toc-section\" id=\"videos\"><\/span>VIDEOS<span class=\"ez-toc-section-end\"><\/span><\/h4>\n<p>[\/et_pb_text][et_pb_divider color=\u00bb#2c99fc\u00bb _builder_version=\u00bb4.16&#8243; hide_on_mobile=\u00bboff\u00bb global_colors_info=\u00bb{}\u00bb]&nbsp;<br \/>\n[\/et_pb_divider][\/et_pb_column][\/et_pb_row][et_pb_row column_structure=\u00bb1_2,1_2&#8243; _builder_version=\u00bb4.16&#8243; background_size=\u00bbinitial\u00bb background_position=\u00bbtop_left\u00bb background_repeat=\u00bbrepeat\u00bb global_colors_info=\u00bb{}\u00bb][et_pb_column type=\u00bb1_2&#8243; _builder_version=\u00bb4.16&#8243; custom_padding=\u00bb|||\u00bb global_colors_info=\u00bb{}\u00bb custom_padding__hover=\u00bb|||\u00bb][et_pb_video src=\u00bbhttps:\/\/www.youtube.com\/watch?v=ZnieVTylfQA\u00bb _builder_version=\u00bb4.16&#8243; global_colors_info=\u00bb{}\u00bb][\/et_pb_video][et_pb_video src=\u00bbhttps:\/\/www.youtube.com\/watch?v=VACf91EXGxo\u00bb _builder_version=\u00bb4.16&#8243; global_colors_info=\u00bb{}\u00bb][\/et_pb_video][\/et_pb_column][et_pb_column type=\u00bb1_2&#8243; _builder_version=\u00bb4.16&#8243; custom_padding=\u00bb|||\u00bb global_colors_info=\u00bb{}\u00bb custom_padding__hover=\u00bb|||\u00bb][et_pb_video src=\u00bbhttps:\/\/www.youtube.com\/watch?v=aYZlAKik7jI\u00bb _builder_version=\u00bb4.16&#8243; global_colors_info=\u00bb{}\u00bb][\/et_pb_video][\/et_pb_column][\/et_pb_row][et_pb_row _builder_version=\u00bb4.16&#8243; background_size=\u00bbinitial\u00bb background_position=\u00bbtop_left\u00bb background_repeat=\u00bbrepeat\u00bb global_colors_info=\u00bb{}\u00bb][et_pb_column type=\u00bb4_4&#8243; _builder_version=\u00bb4.16&#8243; custom_padding=\u00bb|||\u00bb global_colors_info=\u00bb{}\u00bb custom_padding__hover=\u00bb|||\u00bb][et_pb_text _builder_version=\u00bb4.16&#8243; background_size=\u00bbinitial\u00bb background_position=\u00bbtop_left\u00bb background_repeat=\u00bbrepeat\u00bb custom_margin=\u00bb||0px|\u00bb use_border_color=\u00bboff\u00bb border_color=\u00bb#ffffff\u00bb border_style=\u00bbsolid\u00bb global_colors_info=\u00bb{}\u00bb]<\/p>\n<h4><span class=\"ez-toc-section\" id=\"catalogo-toldo-veranda\"><\/span>CAT\u00c1LOGO TOLDO VERANDA<span class=\"ez-toc-section-end\"><\/span><\/h4>\n<p>[\/et_pb_text][et_pb_divider color=\u00bb#2c99fc\u00bb _builder_version=\u00bb4.16&#8243; hide_on_mobile=\u00bboff\u00bb global_colors_info=\u00bb{}\u00bb]&nbsp;<br \/>\n[\/et_pb_divider][et_pb_button button_url=\u00bbhttps:\/\/toldosaraque.com\/madrid\/wp-content\/uploads\/2020\/04\/FICHA-TECNICA-VERANDA-GIOTTO.pdf\u00bb url_new_window=\u00bbon\u00bb button_text=\u00bbVer Ficha T\u00e9cnica en PDF\u00bb button_alignment=\u00bbleft\u00bb _builder_version=\u00bb4.16&#8243; custom_button=\u00bbon\u00bb button_text_color=\u00bb#000000&#8243; button_bg_color=\u00bb#ffdd0e\u00bb button_border_color=\u00bb#ffdd0e\u00bb button_icon=\u00bb&#x69;||divi||400&#8243; button_letter_spacing_hover=\u00bb0&#8243; global_colors_info=\u00bb{}\u00bb button_text_size__hover_enabled=\u00bboff\u00bb button_one_text_size__hover_enabled=\u00bboff\u00bb button_two_text_size__hover_enabled=\u00bboff\u00bb button_text_color__hover_enabled=\u00bboff\u00bb button_one_text_color__hover_enabled=\u00bboff\u00bb button_two_text_color__hover_enabled=\u00bboff\u00bb button_border_width__hover_enabled=\u00bboff\u00bb button_one_border_width__hover_enabled=\u00bboff\u00bb button_two_border_width__hover_enabled=\u00bboff\u00bb button_border_color__hover_enabled=\u00bboff\u00bb button_one_border_color__hover_enabled=\u00bboff\u00bb button_two_border_color__hover_enabled=\u00bboff\u00bb button_border_radius__hover_enabled=\u00bboff\u00bb button_one_border_radius__hover_enabled=\u00bboff\u00bb button_two_border_radius__hover_enabled=\u00bboff\u00bb button_letter_spacing__hover_enabled=\u00bbon\u00bb button_letter_spacing__hover=\u00bb0&#8243; button_one_letter_spacing__hover_enabled=\u00bboff\u00bb button_two_letter_spacing__hover_enabled=\u00bboff\u00bb button_bg_color__hover_enabled=\u00bboff\u00bb button_one_bg_color__hover_enabled=\u00bboff\u00bb button_two_bg_color__hover_enabled=\u00bboff\u00bb][\/et_pb_button][\/et_pb_column][\/et_pb_row][\/et_pb_section][et_pb_section fb_built=\u00bb1&#8243; _builder_version=\u00bb4.23.4&#8243; _module_preset=\u00bbdefault\u00bb global_colors_info=\u00bb{}\u00bb][et_pb_row _builder_version=\u00bb4.23.4&#8243; _module_preset=\u00bbdefault\u00bb global_colors_info=\u00bb{}\u00bb][et_pb_column type=\u00bb4_4&#8243; _builder_version=\u00bb4.23.4&#8243; _module_preset=\u00bbdefault\u00bb global_colors_info=\u00bb{}\u00bb][et_pb_divider _builder_version=\u00bb4.24.2&#8243; _module_preset=\u00bbdefault\u00bb hover_enabled=\u00bb0&#8243; global_colors_info=\u00bb{}\u00bb sticky_enabled=\u00bb0&#8243;][\/et_pb_divider][et_pb_toggle title=\u00bbToldo Veranda\u00bb _builder_version=\u00bb4.27.4&#8243; _module_preset=\u00bbdefault\u00bb title_level=\u00bbh2&#8243; title_font_size=\u00bb20px\u00bb hover_enabled=\u00bb0&#8243; global_colors_info=\u00bb{}\u00bb sticky_enabled=\u00bb0&#8243;]<\/p>\n<p>El <strong>toldo Veranda<\/strong> es un sistema de protecci\u00f3n solar dise\u00f1ado para cubrir superficies horizontales o ligeramente inclinadas, como cubiertas acristaladas, techos de policarbonato, galer\u00edas o p\u00e9rgolas. A diferencia de un toldo convencional de brazos, el Veranda trabaja guiado sobre carriles laterales, lo que aporta mayor estabilidad y tensi\u00f3n del tejido.<\/p>\n<p>Es una soluci\u00f3n pensada para quienes quieren controlar la entrada de luz y calor en espacios cubiertos sin perder luminosidad ni est\u00e9tica.<\/p>\n<h2><span class=\"ez-toc-section\" id=\"que-es-un-toldo-veranda-y-como-funciona\"><\/span>Qu\u00e9 es un toldo Veranda y c\u00f3mo funciona<span class=\"ez-toc-section-end\"><\/span><\/h2>\n<p>El sistema Veranda se compone de una lona tensada que se desplaza sobre <strong>gu\u00edas laterales<\/strong>, manteniendo el tejido firme durante su apertura y recogida. Este guiado evita el movimiento excesivo por efecto del viento y mejora el comportamiento del conjunto.<\/p>\n<p>Se utiliza habitualmente en:<\/p>\n<ul>\n<li>Cubiertas de cristal.<\/li>\n<li>P\u00e9rgolas.<\/li>\n<li>Terrazas acristaladas.<\/li>\n<li>Porches con techo fijo.<\/li>\n<\/ul>\n<p>Su funci\u00f3n principal es reducir la radiaci\u00f3n solar directa antes de que incida sobre el cerramiento, ayudando a mantener una temperatura m\u00e1s estable en el interior.<\/p>\n<h2><span class=\"ez-toc-section\" id=\"ventajas-del-toldo-veranda\"><\/span>Ventajas del toldo Veranda<span class=\"ez-toc-section-end\"><\/span><\/h2>\n<ul>\n<li>Mayor estabilidad frente al viento gracias al sistema guiado.<\/li>\n<li>Tensi\u00f3n constante del tejido.<\/li>\n<li>Reducci\u00f3n del calor en cubiertas acristaladas.<\/li>\n<li>Integraci\u00f3n discreta en estructuras existentes.<\/li>\n<li>Posibilidad de motorizaci\u00f3n.<\/li>\n<\/ul>\n<p>El resultado es un sistema limpio, t\u00e9cnico y eficaz para cubrir superficies donde un toldo extensible no es viable.<\/p>\n<h2><span class=\"ez-toc-section\" id=\"motorizacion-y-automatizacion\"><\/span>Motorizaci\u00f3n y automatizaci\u00f3n<span class=\"ez-toc-section-end\"><\/span><\/h2>\n<p>El <strong>toldo Veranda motorizado<\/strong> permite una apertura y cierre c\u00f3modos mediante pulsador o mando. En instalaciones m\u00e1s completas puede integrarse con sensores de sol o viento para automatizar su funcionamiento.<\/p>\n<p>La motorizaci\u00f3n es especialmente recomendable en superficies grandes o en cubiertas de dif\u00edcil acceso.<\/p>\n<h2><span class=\"ez-toc-section\" id=\"tejidos-y-personalizacion\"><\/span>Tejidos y personalizaci\u00f3n<span class=\"ez-toc-section-end\"><\/span><\/h2>\n<p>El sistema admite distintos tipos de tejidos t\u00e9cnicos, dise\u00f1ados para exterior y resistentes a la radiaci\u00f3n solar. La elecci\u00f3n del tejido influye en:<\/p>\n<ul>\n<li>Grado de sombreado.<\/li>\n<li>Transmisi\u00f3n de luz.<\/li>\n<li>Protecci\u00f3n frente al calor.<\/li>\n<li>Est\u00e9tica final del conjunto.<\/li>\n<\/ul>\n<p>El acabado puede adaptarse a la estructura existente para que el sistema quede integrado sin romper la armon\u00eda de la fachada o cubierta.<\/p>\n<h2><span class=\"ez-toc-section\" id=\"diferencias-frente-a-otros-sistemas\"><\/span>Diferencias frente a otros sistemas<span class=\"ez-toc-section-end\"><\/span><\/h2>\n<p>A diferencia del toldo extensible, el Veranda trabaja sobre gu\u00edas y est\u00e1 pensado para superficies horizontales. Tampoco debe confundirse con una p\u00e9rgola, ya que aqu\u00ed no se crea una estructura nueva, sino que se protege una cubierta ya existente.<\/p>\n<p>Es una soluci\u00f3n t\u00e9cnica m\u00e1s espec\u00edfica, orientada a controlar el calor en cubiertas acristaladas o techos ligeros.<\/p>\n<h2><span class=\"ez-toc-section\" id=\"instalacion-de-toldo-veranda-en-madrid-valdemoro-y-alrededores\"><\/span>Instalaci\u00f3n de toldo Veranda en Madrid, Valdemoro y alrededores<span class=\"ez-toc-section-end\"><\/span><\/h2>\n<p>La instalaci\u00f3n requiere estudiar pendiente, dimensiones y sistema de anclaje. Un montaje correcto garantiza tensi\u00f3n adecuada del tejido y desplazamiento fluido por las gu\u00edas.<\/p>\n<p>Trabajamos en Madrid, Valdemoro y municipios cercanos, adaptando cada proyecto a las condiciones reales de la cubierta y al uso previsto del espacio.<\/p>\n<h2><span class=\"ez-toc-section\" id=\"mantenimiento-del-toldo-veranda\"><\/span>Mantenimiento del toldo Veranda<span class=\"ez-toc-section-end\"><\/span><\/h2>\n<p>El mantenimiento es sencillo: limpieza peri\u00f3dica del tejido y revisi\u00f3n de gu\u00edas y sistema motorizado. En condiciones normales de uso, el sistema ofrece una larga durabilidad.<\/p>\n<h2><span class=\"ez-toc-section\" id=\"preguntas-frecuentes-sobre-el-toldo-veranda\"><\/span>Preguntas frecuentes sobre el toldo Veranda<span class=\"ez-toc-section-end\"><\/span><\/h2>\n<h3><span class=\"ez-toc-section\" id=\"%c2%bfsirve-para-cualquier-techo\"><\/span>\u00bfSirve para cualquier techo?<span class=\"ez-toc-section-end\"><\/span><\/h3>\n<p>Est\u00e1 dise\u00f1ado principalmente para cubiertas horizontales o ligeramente inclinadas.<\/p>\n<h3><span class=\"ez-toc-section\" id=\"%c2%bfpuede-instalarse-en-una-pergola\"><\/span>\u00bfPuede instalarse en una p\u00e9rgola?<span class=\"ez-toc-section-end\"><\/span><\/h3>\n<p>S\u00ed, siempre que la estructura permita el guiado lateral.<\/p>\n<h3><span class=\"ez-toc-section\" id=\"%c2%bfes-obligatorio-que-sea-motorizado\"><\/span>\u00bfEs obligatorio que sea motorizado?<span class=\"ez-toc-section-end\"><\/span><\/h3>\n<p>No, aunque en superficies amplias resulta m\u00e1s c\u00f3modo.<\/p>\n<h3><span class=\"ez-toc-section\" id=\"%c2%bfreduce-realmente-el-calor-interior\"><\/span>\u00bfReduce realmente el calor interior?<span class=\"ez-toc-section-end\"><\/span><\/h3>\n<p>S\u00ed. Al bloquear la radiaci\u00f3n antes de que atraviese el cristal, mejora el confort t\u00e9rmico.<\/p>\n<p>[\/et_pb_toggle][\/et_pb_column][\/et_pb_row][\/et_pb_section]<\/p>\n","protected":false},"excerpt":{"rendered":"<p>TOLDO VERANDA&nbsp; Sistema que desplaza una lona por medio de gu\u00edas y tensores cubriendo una superficie como un techo abierto, aboardillado o acristalamiento. Es imprescindible que este sistema sea motorizado para su funcionamiento. Al ser maniobrado con motor garantiza una tensi\u00f3n \u00f3ptima de la lona. Adem\u00e1s dispone de un caj\u00f3n trasero de protecci\u00f3n que preserva [&hellip;]<\/p>\n","protected":false},"author":3,"featured_media":2874,"parent":213,"menu_order":0,"comment_status":"closed","ping_status":"closed","template":"","meta":{"_et_pb_use_builder":"on","_et_pb_old_content":"","_et_gb_content_width":"","_joinchat":[],"footnotes":""},"class_list":["post-2242","page","type-page","status-publish","has-post-thumbnail","hentry"],"_links":{"self":[{"href":"https:\/\/toldosaraque.com\/madrid\/wp-json\/wp\/v2\/pages\/2242","targetHints":{"allow":["GET"]}}],"collection":[{"href":"https:\/\/toldosaraque.com\/madrid\/wp-json\/wp\/v2\/pages"}],"about":[{"href":"https:\/\/toldosaraque.com\/madrid\/wp-json\/wp\/v2\/types\/page"}],"author":[{"embeddable":true,"href":"https:\/\/toldosaraque.com\/madrid\/wp-json\/wp\/v2\/users\/3"}],"replies":[{"embeddable":true,"href":"https:\/\/toldosaraque.com\/madrid\/wp-json\/wp\/v2\/comments?post=2242"}],"version-history":[{"count":2,"href":"https:\/\/toldosaraque.com\/madrid\/wp-json\/wp\/v2\/pages\/2242\/revisions"}],"predecessor-version":[{"id":7776,"href":"https:\/\/toldosaraque.com\/madrid\/wp-json\/wp\/v2\/pages\/2242\/revisions\/7776"}],"up":[{"embeddable":true,"href":"https:\/\/toldosaraque.com\/madrid\/wp-json\/wp\/v2\/pages\/213"}],"wp:featuredmedia":[{"embeddable":true,"href":"https:\/\/toldosaraque.com\/madrid\/wp-json\/wp\/v2\/media\/2874"}],"wp:attachment":[{"href":"https:\/\/toldosaraque.com\/madrid\/wp-json\/wp\/v2\/media?parent=2242"}],"curies":[{"name":"wp","href":"https:\/\/api.w.org\/{rel}","templated":true}]}}